{"errorMessage":null,"errorNumber":0,"data":{"i18n":{"locale":"sv","translations":[{"lang":"en","url":"/en/"}]},"meta":{"seo":{"title":"Sveriges nationalscen f\u00F6r teater - Dramaten","description":"Dramaten \u00E4r Sveriges nationalscen f\u00F6r teater. P\u00E5 Dramatens webbplats f\u00E5r du veta mer om vad vi spelar, vilka som arbetar h\u00E4r och kika in bakom kulisserna.","keywords":"teater,stockholm,scen,scenkonst,konst,sverige,nationalscen,konsert,konserter","robots":"","changeFrequency":"hourly","priority":"1,0","searchImage":null},"sharing":{"image":"https://cms.dramaten.se/Media/dutgxn2h/2104-o-ppningen_omslag_placeholder.jpg"},"header":{"mainMenu":[{"name":"Start","url":"/","target":null},{"name":"Repertoar","url":"/repertoar/","target":null},{"name":"Kalendarium","url":"/kalendarium/","target":null},{"name":"Ensemble","url":"/medverkande/skadespelare/","target":null},{"name":"Inf\u00F6r bes\u00F6ket","url":"/infor-besoket/","target":null},{"name":"Unga Dramaten","url":"/unga-dramaten/","target":null},{"name":"Program","url":"/program/","target":null}],"secondaryMenu":[{"name":"Tillg\u00E4nglighet","url":"/infor-besoket/tillganglighet/","target":null},{"name":"Medlemskap","url":"/medlemskap/","target":null},{"name":"Presentkort","url":"/presentkort","target":null},{"name":"Gruppbokningar","url":"/gruppbokningar/","target":null},{"name":"Partnerskap och uthyrningar","url":"/foretag/","target":null},{"name":"F\u00F6r skolor","url":"/unga-dramaten/for-skolor/","target":null},{"name":"Om Dramaten","url":"/om-dramaten/","target":null},{"name":"Bergmanfestivalen","url":"/bergmanfestivalen/","target":null},{"name":"Dramaten.Doc","url":"/repertoar/dramatendoc/","target":null},{"name":"Dramatens v\u00E4nner","url":"/dramatens-vanner-1/","target":null}],"isLoggedIn":false,"userDisplayName":null,"cartStatus":{"itemCount":0,"amount":0},"startPageLink":{"name":"Till startsidan","url":"/","target":null},"preHeading":null},"footer":{"mainMenu":[{"name":"Start","url":"/","target":null},{"name":"Repertoar","url":"/repertoar/","target":null},{"name":"Kalendarium","url":"/kalendarium/","target":null},{"name":"Inf\u00F6r bes\u00F6ket","url":"/infor-besoket/","target":null},{"name":"Ensemble","url":"/medverkande/skadespelare/","target":null},{"name":"Unga Dramaten","url":"/unga-dramaten/","target":null}],"additionalMenu1":[{"name":"Presentkort","url":"/presentkort/","target":null},{"name":"Kontakt \u0026 \u00F6ppettider","url":"/infor-besoket/kontakta-oss/","target":null},{"name":"Tillg\u00E4nglighet","url":"/infor-besoket/tillganglighet/","target":null},{"name":"Vanliga fr\u00E5gor","url":"/infor-besoket/vanliga-fragor/","target":null},{"name":"Mat \u0026 dryck","url":"/infor-besoket/mat-och-dryck/","target":null},{"name":"F\u00F6retag \u0026 grupper","url":"/gruppbokningar/","target":null},{"name":"Partnerskap \u0026 uthyrningar","url":"/foretag/","target":null},{"name":"F\u00F6r skolor","url":"/unga-dramaten/for-skolor/","target":null}],"additionalMenu2":[{"name":"Bolagsstyrning","url":"/om-dramaten/bolagsstyrning/","target":null},{"name":"Lediga tj\u00E4nster","url":"/om-dramaten/lediga-tjanster/","target":null},{"name":"Prao p\u00E5 Dramaten","url":"https://ledigajobb.dramaten.se/pages/prao-pa-dramaten","target":"_blank"},{"name":"Samh\u00E4llsansvar","url":"/om-dramaten/hallbarhetsarbete/","target":null},{"name":"K\u00F6p- och anv\u00E4ndarvillkor","url":"/kop-och-anvandarvillkor/","target":null},{"name":"Integritetspolicy","url":"/integritetspolicy/","target":null},{"name":"Om webbplatsen","url":"/om-webbplatsen/cookies/","target":null}],"additionalMenu3":[{"name":"Nyhetsbrev","url":"/nyhetsbrev/","target":null},{"name":"Facebook","url":"https://www.facebook.com/kungligadramatiskateatern","target":"_blank"},{"name":"Instagram","url":"https://www.instagram.com/dramaten/#","target":"_blank"},{"name":"X","url":"https://twitter.com/Dramaten","target":"_blank"},{"name":"Press","url":"/press/","target":null},{"name":"Dramaten Play","url":"/play/","target":null},{"name":"Dramatenpodden","url":"/dramatenpodden/","target":null},{"name":"Rollboken","url":"/rollboken/","target":null},{"name":"Arkiv \u0026 bibliotek","url":"/om-dramaten/arkiv-och-bibliotek/","target":null}]},"analytics":null,"cookieInfo":null,"notice":null},"pageType":"start-page","pageContent":{"pageTypeName":"start-page","heading":"","mainContent":null,"heroBlock":{"type":"hero-block","preHeading":"","heading":"H\u00F6sten 26","headingColor":"f395df","headingSize":"x-large","text":"H\u00F6stens premi\u00E4rer ute nu!","landscapeImage":{"altText":"Cover Fejk 2","imageText":null,"width":1920,"height":1092,"url":"https://cms.dramaten.se/media/antbshcl/cover_fejk-2.jpg","focalPoint":"0.4319642692196932,0.4752863062611209"},"portraitImage":{"altText":"Poster Fejk 2","imageText":null,"width":771,"height":1200,"url":"https://cms.dramaten.se/media/sheiculd/poster_fejk-2.jpg","focalPoint":null},"landscapeVideo":{"url":"https://cms.dramaten.se/media/cbbbvcsi/reeh26_16x9_2.mp4"},"portraitVideo":{"url":"https://cms.dramaten.se/media/ohbjit1p/reelh26_9x14-2.mp4"},"autoPlayVideo":true,"link":{"name":"L\u00E4s mer","url":"/hosten-2026/","target":null},"linkType":"link","align":"left","applyGradient":true,"overlay":"gradient-bottom"},"mainBlocks":[{"type":"current-performances-block","heading":"Just nu","headingColor":"313cff","link":{"name":"Kalendarium","url":"/kalendarium/","target":null},"enableGlyphs":false,"performances":[{"title":"Misantropen","venueName":"Stora scenen","availabilityStatus":"good","purchaseUrl":"https://biljetter.dramaten.se/events/8846/8863","displayDay":"Idag","displayTime":"16:00","productionUrl":"/repertoar/misantropen/","image":{"altText":"Poster Misantropen Ny","imageText":null,"width":643,"height":1000,"url":"https://cms.dramaten.se/media/j53k4ntj/poster_misantropen_ny.jpg","focalPoint":null}},{"title":"Solaris","venueName":"Lilla scenen","availabilityStatus":"good","purchaseUrl":"https://biljetter.dramaten.se/events/8976/8984","displayDay":"Idag","displayTime":"16:00","productionUrl":"/repertoar/solaris/","image":{"altText":"Poster Solaris","imageText":null,"width":643,"height":1000,"url":"https://cms.dramaten.se/media/cngbjshm/poster_solaris.jpg","focalPoint":null}},{"title":"Litteraturens dag","venueName":"Lilla scenen","availabilityStatus":"good","purchaseUrl":"https://biljetter.dramaten.se/events/10123/10124","displayDay":"Imorgon","displayTime":"13:00","productionUrl":"/repertoar/litteraturens-dag/","image":{"altText":"Litteraturens Dag 3 (1)","imageText":null,"width":643,"height":1000,"url":"https://cms.dramaten.se/media/rwclweaw/litteraturens-dag-3-1.jpeg","focalPoint":null}},{"title":"Fyndplats: Dramaten","venueName":"Tornrummet","availabilityStatus":"sold-out","purchaseUrl":"https://biljetter.dramaten.se/events/8497/8506","displayDay":"Tis 05/05","displayTime":"10:00","productionUrl":"/repertoar/fyndplats-dramaten/","image":{"altText":"Poster Fyndplats (1)","imageText":null,"width":643,"height":1000,"url":"https://cms.dramaten.se/media/fiudzwq5/poster_fyndplats.jpg","focalPoint":null}},{"title":"Fyndplats: Dramaten","venueName":"Tornrummet","availabilityStatus":"sold-out","purchaseUrl":"https://biljetter.dramaten.se/events/8497/8604","displayDay":"Tis 05/05","displayTime":"13:00","productionUrl":"/repertoar/fyndplats-dramaten/","image":{"altText":"Poster Fyndplats (1)","imageText":null,"width":643,"height":1000,"url":"https://cms.dramaten.se/media/fiudzwq5/poster_fyndplats.jpg","focalPoint":null}},{"title":"Misantropen","venueName":"Stora scenen","availabilityStatus":"good","purchaseUrl":"https://biljetter.dramaten.se/events/8846/8864","displayDay":"Tis 05/05","displayTime":"19:00","productionUrl":"/repertoar/misantropen/","image":{"altText":"Poster Misantropen Ny","imageText":null,"width":643,"height":1000,"url":"https://cms.dramaten.se/media/j53k4ntj/poster_misantropen_ny.jpg","focalPoint":null}},{"title":"Solaris","venueName":"Lilla scenen","availabilityStatus":"good","purchaseUrl":"https://biljetter.dramaten.se/events/8976/8985","displayDay":"Tis 05/05","displayTime":"19:00","productionUrl":"/repertoar/solaris/","image":{"altText":"Poster Solaris","imageText":null,"width":643,"height":1000,"url":"https://cms.dramaten.se/media/cngbjshm/poster_solaris.jpg","focalPoint":null}},{"title":"Fyndplats: Dramaten","venueName":"Tornrummet","availabilityStatus":"sold-out","purchaseUrl":"https://biljetter.dramaten.se/events/8497/8507","displayDay":"Ons 06/05","displayTime":"10:00","productionUrl":"/repertoar/fyndplats-dramaten/","image":{"altText":"Poster Fyndplats (1)","imageText":null,"width":643,"height":1000,"url":"https://cms.dramaten.se/media/fiudzwq5/poster_fyndplats.jpg","focalPoint":null}},{"title":"F\u00E4bod\u0026shy;j\u00E4ntan","venueName":"M\u00E5larsalen","availabilityStatus":"sold-out","purchaseUrl":"https://biljetter.dramaten.se/events/9104/9138","displayDay":"Ons 06/05","displayTime":"18:00","productionUrl":"/repertoar/fabodjantan/","image":{"altText":"FABODJANTAN Poster","imageText":null,"width":666,"height":1000,"url":"https://cms.dramaten.se/media/5fzlehem/fabodjantan_poster.jpg","focalPoint":null}},{"title":"Misantropen","venueName":"Stora scenen","availabilityStatus":"good","purchaseUrl":"https://biljetter.dramaten.se/events/8846/8865","displayDay":"Ons 06/05","displayTime":"19:00","productionUrl":"/repertoar/misantropen/","image":{"altText":"Poster Misantropen Ny","imageText":null,"width":643,"height":1000,"url":"https://cms.dramaten.se/media/j53k4ntj/poster_misantropen_ny.jpg","focalPoint":null}},{"title":"I bomulls\u0026shy;f\u00E4ltens ensamhet","venueName":"Lilla scenen","availabilityStatus":"limited","purchaseUrl":"https://biljetter.dramaten.se/events/8944/8968","displayDay":"Ons 06/05","displayTime":"19:00","productionUrl":"/repertoar/i-bomullsfaltens-ensamhet/","image":{"altText":"Poster Bommullsfa\u0308ltens Ensamhet2858","imageText":null,"width":643,"height":1000,"url":"https://cms.dramaten.se/media/klan0ioy/poster_bommullsfa-ltens_ensamhet2858.jpg","focalPoint":null}},{"title":"L\u00F6sa anteckningar till en ...","venueName":"Dramatenbaren","availabilityStatus":"good","purchaseUrl":"https://biljetter.dramaten.se/events/9583/9590","displayDay":"Ons 06/05","displayTime":"19:00","productionUrl":"/repertoar/dramatendoc/","image":{"altText":"Poster Dramatendoc Mo\u0308nster","imageText":null,"width":643,"height":1000,"url":"https://cms.dramaten.se/media/r25hie34/poster_dramatendoc-mo-nster.jpg","focalPoint":null}},{"title":"Fyndplats: Dramaten","venueName":"Tornrummet","availabilityStatus":"limited","purchaseUrl":"https://biljetter.dramaten.se/events/8497/8508","displayDay":"Tors 07/05","displayTime":"10:00","productionUrl":"/repertoar/fyndplats-dramaten/","image":{"altText":"Poster Fyndplats (1)","imageText":null,"width":643,"height":1000,"url":"https://cms.dramaten.se/media/fiudzwq5/poster_fyndplats.jpg","focalPoint":null}},{"title":"Fyndplats: Dramaten","venueName":"Tornrummet","availabilityStatus":"sold-out","purchaseUrl":"https://biljetter.dramaten.se/events/8497/8605","displayDay":"Tors 07/05","displayTime":"13:00","productionUrl":"/repertoar/fyndplats-dramaten/","image":{"altText":"Poster Fyndplats (1)","imageText":null,"width":643,"height":1000,"url":"https://cms.dramaten.se/media/fiudzwq5/poster_fyndplats.jpg","focalPoint":null}},{"title":"F\u00E4bod\u0026shy;j\u00E4ntan","venueName":"M\u00E5larsalen","availabilityStatus":"sold-out","purchaseUrl":"https://biljetter.dramaten.se/events/9104/9139","displayDay":"Tors 07/05","displayTime":"18:00","productionUrl":"/repertoar/fabodjantan/","image":{"altText":"FABODJANTAN Poster","imageText":null,"width":666,"height":1000,"url":"https://cms.dramaten.se/media/5fzlehem/fabodjantan_poster.jpg","focalPoint":null}},{"title":"I bomulls\u0026shy;f\u00E4ltens ensamhet","venueName":"Lilla scenen","availabilityStatus":"good","purchaseUrl":"https://biljetter.dramaten.se/events/8944/8969","displayDay":"Tors 07/05","displayTime":"19:00","productionUrl":"/repertoar/i-bomullsfaltens-ensamhet/","image":{"altText":"Poster Bommullsfa\u0308ltens Ensamhet2858","imageText":null,"width":643,"height":1000,"url":"https://cms.dramaten.se/media/klan0ioy/poster_bommullsfa-ltens_ensamhet2858.jpg","focalPoint":null}},{"title":"Gertrude Stein","venueName":"Stora scenen","availabilityStatus":"good","purchaseUrl":"https://biljetter.dramaten.se/events/9512/9517","displayDay":"Tors 07/05","displayTime":"19:00","productionUrl":"/repertoar/gertrude-stein-gertrude-stein-gertrude-stein/","image":{"altText":"Gertrude Portratt Poster","imageText":null,"width":643,"height":1000,"url":"https://cms.dramaten.se/media/xezenvd1/gertrude_portratt_poster.jpg","focalPoint":null}},{"title":"L\u00F6sa anteckningar till en ...","venueName":"Dramatenbaren","availabilityStatus":"good","purchaseUrl":"https://biljetter.dramaten.se/events/9583/9591","displayDay":"Tors 07/05","displayTime":"19:00","productionUrl":"/repertoar/dramatendoc/","image":{"altText":"Poster Dramatendoc Mo\u0308nster","imageText":null,"width":643,"height":1000,"url":"https://cms.dramaten.se/media/r25hie34/poster_dramatendoc-mo-nster.jpg","focalPoint":null}},{"title":"F\u00E4bod\u0026shy;j\u00E4ntan","venueName":"M\u00E5larsalen","availabilityStatus":"sold-out","purchaseUrl":"https://biljetter.dramaten.se/events/9104/9140","displayDay":"Fre 08/05","displayTime":"18:00","productionUrl":"/repertoar/fabodjantan/","image":{"altText":"FABODJANTAN Poster","imageText":null,"width":666,"height":1000,"url":"https://cms.dramaten.se/media/5fzlehem/fabodjantan_poster.jpg","focalPoint":null}},{"title":"Misantropen","venueName":"Stora scenen","availabilityStatus":"good","purchaseUrl":"https://biljetter.dramaten.se/events/8846/8866","displayDay":"Fre 08/05","displayTime":"19:00","productionUrl":"/repertoar/misantropen/","image":{"altText":"Poster Misantropen Ny","imageText":null,"width":643,"height":1000,"url":"https://cms.dramaten.se/media/j53k4ntj/poster_misantropen_ny.jpg","focalPoint":null}}]},{"type":"wide-teaser-block","preHeading":"","heading":"Solaris","headingColor":"","headingSize":"x-large","text":"Ett m\u00F6te med det of\u00F6rklarliga","landscapeImage":{"altText":"Solaris 00159","imageText":null,"width":2000,"height":1333,"url":"https://cms.dramaten.se/media/xuaih4wt/solaris_00159.jpg","focalPoint":"0.39528805768217207,0.4687601904389226"},"portraitImage":{"altText":"Solaris 00159","imageText":null,"width":2000,"height":1333,"url":"https://cms.dramaten.se/media/xuaih4wt/solaris_00159.jpg","focalPoint":"0.39528805768217207,0.4687601904389226"},"youTubeVideoId":"LLfwLp2c2kI","vimeoVideoId":"","playButtonText":"Spela trailer","link":{"name":"Solaris","url":"/repertoar/solaris/","target":null},"linkType":"link","overlay":"gradient-bottom"},{"type":"selected-productions-block","heading":"Repertoar","headingColor":"","link":{"name":"Se hela repertoaren","url":"/repertoar/","target":null},"productions":[{"id":10321,"additionalIds":[],"productionPageId":12140,"slug":"antikrist","title":"Antikrist","titleSoftHyphens":null,"description":"Sanna Sundqvist och David Book i huvudrollerna, som sig sj\u00E4lva, n\u00E4r Lars von Triers film blir teater.","url":"/repertoar/antikrist/","categories":[{"slug":"oevriga-scener","name":"\u00D6vriga scener"},{"slug":"hosten-26","name":"H\u00F6sten 26"}],"listingImage":{"altText":"List Antikrist","imageText":null,"width":1000,"height":562,"url":"https://cms.dramaten.se/media/gfuacc1y/list_antikrist.jpg","focalPoint":null},"posterImage":{"altText":"Poster Antikrist","imageText":null,"width":643,"height":1000,"url":"https://cms.dramaten.se/media/cj3prntm/poster_antikrist.jpg","focalPoint":null},"premiere":"Sverigepremi\u00E4r 26 september 2026","location":"M\u00E5larsalen","duration":"","authorCredits":"Lars von Triers skr\u00E4ckdrama i regi av Ada Berger","productionPageCreated":"2026-04-02T10:20:02.92Z","program":null},{"id":10407,"additionalIds":[],"productionPageId":12143,"slug":"en-karlekshistoria","title":"En k\u00E4rlekshistoria","titleSoftHyphens":null,"description":"En varm, nostalgisk och bitterljuv upps\u00E4ttning som varje kv\u00E4ll f\u00F6rs\u00F6ker locka fram de underbart nerv\u00F6sa och hoppfulla k\u00E4nslorna som vi f\u00F6rknippar med den f\u00F6rsta k\u00E4rleken \u2013 b\u00E5de p\u00E5 scenen och i salongen.","url":"/repertoar/en-karlekshistoria/","categories":[{"slug":"stora-scenen","name":"Stora scenen"},{"slug":"hosten-26","name":"H\u00F6sten 26"}],"listingImage":{"altText":"List En Ka\u0308rlekshistoria","imageText":null,"width":1000,"height":569,"url":"https://cms.dramaten.se/media/4uvfkdlg/list_en-ka-rlekshistoria.jpg","focalPoint":null},"posterImage":{"altText":"Poster En Ka\u0308rlekshistoria","imageText":null,"width":643,"height":1000,"url":"https://cms.dramaten.se/media/ncrnuwll/poster_en-ka-rlekshistoria.jpg","focalPoint":null},"premiere":"Urpremi\u00E4r 5 december 2026","location":"Stora scenen","duration":"","authorCredits":"Roy Anderssons klassiker med dig i huvudrollen","productionPageCreated":"2026-04-02T10:43:36.917Z","program":null},{"id":10289,"additionalIds":[],"productionPageId":12138,"slug":"fejk","title":"Fejk","titleSoftHyphens":null,"description":"Konst. Listettor. Pannor. Mick Jagger. Valfl\u00E4sk. Rumpor. Rubriker.","url":"/repertoar/fejk/","categories":[{"slug":"stora-scenen","name":"Stora scenen"},{"slug":"hosten-26","name":"H\u00F6sten 26"}],"listingImage":{"altText":"List Fejk 2","imageText":null,"width":1000,"height":569,"url":"https://cms.dramaten.se/media/ls1luvjc/list_fejk-2.jpg","focalPoint":null},"posterImage":{"altText":"Poster Fejk 2","imageText":null,"width":771,"height":1200,"url":"https://cms.dramaten.se/media/sheiculd/poster_fejk-2.jpg","focalPoint":null},"premiere":"Urpremi\u00E4r 5 september  2026","location":"Stora scenen","duration":"","authorCredits":"En helt ny komedi av stj\u00E4rnregiss\u00F6ren Yael Ronen","productionPageCreated":"2026-04-02T10:08:42.81Z","program":null}]},{"type":"ensemble-block","heading":"Ensemble","headingColor":"000000","link":{"name":"Sk\u00E5despelare \u0026 regiss\u00F6rer","url":"/medverkande/","target":null},"persons":[{"firstName":"Beda","lastName":"\u00C5sbrink","image":{"altText":"A\u030Asbrink Beda 2","imageText":null,"width":665,"height":998,"url":"https://cms.dramaten.se/media/uv0cfncn/a-sbrink_beda-2.jpg","focalPoint":null},"link":"/medverkande/skadespelare/aasbrink-beda/"},{"firstName":"Alexander","lastName":"Salzberger","image":{"altText":"Salzberger Alexander Edit","imageText":null,"width":668,"height":988,"url":"https://cms.dramaten.se/media/jkjhzfdc/salzberger_alexander_edit.jpg","focalPoint":null},"link":"/medverkande/skadespelare/salzberger-alexander/"},{"firstName":"Alexander","lastName":"de Sousa ","image":{"altText":"De Sousa Alexander","imageText":null,"width":1002,"height":1482,"url":"https://cms.dramaten.se/media/zu3dx3xp/de-sousa-alexander.jpg","focalPoint":null},"link":"/medverkande/skadespelare/de-sousa-alexander/"},{"firstName":"Elsa","lastName":"Kihlberg","image":{"altText":"Kihlber Elsa","imageText":null,"width":659,"height":988,"url":"https://cms.dramaten.se/media/novliavq/kihlber_elsa.jpg","focalPoint":null},"link":"/medverkande/skadespelare/kihlberg-elsa/"},{"firstName":"Andreas T","lastName":"Olsson","image":{"altText":"Olsson Andreas T 220308 Webb2","imageText":null,"width":665,"height":998,"url":"https://cms.dramaten.se/media/4ifhiveb/olsson_andreas_t_220308_webb2.jpg","focalPoint":null},"link":"/medverkande/skadespelare/olsson-andreas-t/"},{"firstName":"Karin","lastName":"Franz K\u00F6rlof","image":{"altText":"Ko\u0308rlof Karin Franz 2 S","imageText":null,"width":360,"height":516,"url":"https://cms.dramaten.se/Media/berpjzeh/ko-rlof-karin-franz-2-s.jpg","focalPoint":null},"link":"/medverkande/skadespelare/korlof-karin-franz/"},{"firstName":"Per Burell","lastName":"","image":{"altText":"Burell Per Foto Mats Ba\u0308cker","imageText":null,"width":344,"height":494,"url":"https://cms.dramaten.se/Media/hcjpj1p5/burell_per-foto-mats-ba-cker.jpg","focalPoint":null},"link":"/medverkande/skadespelare/burell-per/"},{"firstName":"Rebecka","lastName":"Hemse","image":{"altText":"Hemse Rebecka 136","imageText":null,"width":344,"height":494,"url":"https://cms.dramaten.se/Media/uanjrehg/hemse_rebecka_136.jpg","focalPoint":"0.5406976744186046,0.4271255060728745"},"link":"/medverkande/skadespelare/hemse-rebecka/"},{"firstName":"David","lastName":"Rangborg","image":{"altText":"Rangborg David","imageText":null,"width":665,"height":998,"url":"https://cms.dramaten.se/media/jainh3md/rangborg_david.jpg","focalPoint":null},"link":"/medverkande/skadespelare/rangborg-david/"},{"firstName":"Th\u00E9r\u00E8se","lastName":"Brunnander","image":{"altText":"Brunnander The\u0301re\u0300se 72","imageText":null,"width":344,"height":494,"url":"https://cms.dramaten.se/Media/pgtdqpcd/brunnander_the-re-se_72.jpg","focalPoint":null},"link":"/medverkande/skadespelare/brunnander-therese/"},{"firstName":"Helena","lastName":"Bergstr\u00F6m","image":{"altText":"Bergstro\u0308m Helena 2026","imageText":null,"width":658,"height":988,"url":"https://cms.dramaten.se/media/zwmhsens/bergstro-m_helena_2026.jpg","focalPoint":null},"link":"/medverkande/skadespelare/bergstrom-helena/"},{"firstName":"Maia","lastName":"Hansson Bergqvist","image":{"altText":"Bergqvist Maia Hansson 220426 Webb","imageText":null,"width":1002,"height":1484,"url":"https://cms.dramaten.se/Media/m1ki3h0i/bergqvist_maia_hansson_220426_webb.jpg","focalPoint":null},"link":"/medverkande/skadespelare/bergqvist-maia-hansson/"},{"firstName":"Nina","lastName":"Zanjani","image":{"altText":"Zanjani Nina 173","imageText":null,"width":344,"height":494,"url":"https://cms.dramaten.se/Media/3tljved4/zanjani_nina_173.jpg","focalPoint":null},"link":"/medverkande/skadespelare/zanjani-nina/"},{"firstName":"Per","lastName":"Svensson","image":{"altText":"Svensson Per","imageText":null,"width":344,"height":494,"url":"https://cms.dramaten.se/Media/cfco2aat/svensson_per.jpg","focalPoint":null},"link":"/medverkande/skadespelare/svensson-per/"},{"firstName":"Lena","lastName":"Endre","image":{"altText":"Endre Lena 172","imageText":null,"width":344,"height":494,"url":"https://cms.dramaten.se/Media/jdajxpk5/endre_lena_172.jpg","focalPoint":null},"link":"/medverkande/skadespelare/endre-lena/"},{"firstName":"Thomas","lastName":"Hanzon ","image":{"altText":"Hanzon Thomas S1","imageText":null,"width":360,"height":516,"url":"https://cms.dramaten.se/Media/djkpqsiq/hanzon_thomas_s1.jpg","focalPoint":null},"link":"/medverkande/skadespelare/hanzon-thomas/"},{"firstName":"Bianca","lastName":"Kronl\u00F6f","image":{"altText":"Kronlo\u0308f Bianca Web 3","imageText":null,"width":659,"height":988,"url":"https://cms.dramaten.se/media/ncba042s/kronlo-f_bianca_web-3.jpg","focalPoint":null},"link":"/medverkande/skadespelare/kronlof-bianca/"},{"firstName":"Gustav","lastName":"Lindh","image":{"altText":"Gustav Lindh.","imageText":"Gustav Lindh.","width":1002,"height":1484,"url":"https://cms.dramaten.se/Media/oeupumxr/lindh_gustav_220510_w3.jpg","focalPoint":"0.545,0.32522521001783672"},"link":"/medverkande/skadespelare/lindh-gustav/"},{"firstName":"Lisen","lastName":"Rosell","image":{"altText":"Rosell Lisen 2025 Foto Ma\u0308rta Thisner","imageText":null,"width":666,"height":998,"url":"https://cms.dramaten.se/media/1e4j1yng/rosell_lisen-2025-foto-ma-rta_thisner.jpeg","focalPoint":null},"link":"/medverkande/skadespelare/rosell-lisen/"},{"firstName":"Andreas Rothlin","lastName":"Svensson","image":{"altText":"Rothlin Svensson Andreas 070","imageText":null,"width":344,"height":494,"url":"https://cms.dramaten.se/Media/gr4f0n52/rothlin_svensson_andreas_070.jpg","focalPoint":null},"link":"/medverkande/skadespelare/svensson-andreas-rothlin/"}]},{"type":"teaser-grid-area-block","slug":"aktuellt","heading":"Aktuellt","link":null,"mainBlocks":[{"label":"Medlemskap","readingTime":"","type":"teaser-block","width":"one-third","heading":"Dramakortet \u2013 f\u00F6r dig som \u00E4lskar teater","text":"Med Dramakortet f\u00E5r du tillg\u00E5ng till f\u00F6rm\u00E5ner ingen annan har \u2013 och en plats n\u00E4rmare Dramatens hj\u00E4rta. ","image":{"altText":"Dramakortet Puff List","imageText":null,"width":1000,"height":563,"url":"https://cms.dramaten.se/media/s5vhdhvk/dramakortet-puff-list.jpg","focalPoint":null},"link":{"name":"H\u00F6st\u00F6ppning 2025","url":"/medlemskap/dramakortet/#s","target":null}},{"label":"Medlemskap","readingTime":"","type":"teaser-block","width":"one-third","heading":"Teater \u00E5ret runt f\u00F6r en krona per dag!","text":"\u00C4r du under 26 \u00E5r? F\u00F6r endast 365 kronor om \u00E5ret kan du se hur mycket teater du vill. ","image":{"altText":"U26 Kortet Puff List 1","imageText":null,"width":1920,"height":1080,"url":"https://cms.dramaten.se/media/tjzggqk1/u26-kortet-puff-list-1.jpg","focalPoint":null},"link":{"name":"L\u00E4s mer","url":"/medlemskap/","target":null}},{"label":"","readingTime":"","type":"teaser-block","width":"one-third","heading":"Ge bort ett presentkort!","text":"Repertoaren rymmer n\u00E5got f\u00F6r (n\u00E4stan) alla smaker, mottagaren blir en upplevelse och inte en pryl rikare.","image":{"altText":"Puff Till Hemsidan 16 9 01","imageText":null,"width":4167,"height":2346,"url":"https://cms.dramaten.se/media/iudju0xi/puff-till-hemsidan-16-9_01.jpg","focalPoint":null},"link":{"name":"K\u00F6p presentkort","url":"/presentkort/","target":null}}],"noTopMargin":false,"noBottomMargin":true,"anchor":""},{"type":"instagram-block","heading":"F\u00F6lj oss p\u00E5  Instagram!","accountName":"@dramaten","link":{"name":"https://www.instagram.com/dramaten/?hl=sv","url":"https://www.instagram.com/dramaten/?hl=sv","target":"_blank"},"images":[{"altText":"Screenshot 2026 03 03 5","imageText":null,"width":542,"height":723,"url":"https://cms.dramaten.se/media/c4hflffh/screenshot-2026-03-03-5.png","focalPoint":"0.6058668762638564,0.3966395362025372"},{"altText":"Screenshot 2025 10 27 At 09.56.43","imageText":null,"width":1774,"height":1764,"url":"https://cms.dramaten.se/media/u02bnmtl/screenshot-2025-10-27-at-095643.png","focalPoint":null},{"altText":"Screenshot 2026 03 03 6","imageText":null,"width":542,"height":722,"url":"https://cms.dramaten.se/media/aokj1rvc/screenshot-2026-03-03-6.png","focalPoint":null},{"altText":"Screenshot 2026 03 03 3","imageText":null,"width":541,"height":721,"url":"https://cms.dramaten.se/media/pb5apd1k/screenshot-2026-03-03-3.png","focalPoint":null},{"altText":"Screenshot 2026 04 16 At 08.59.29","imageText":null,"width":560,"height":748,"url":"https://cms.dramaten.se/media/tmbhr0xq/screenshot-2026-04-16-at-085929.png","focalPoint":"0.5160714285714286,0.7887700534759359"},{"altText":"Screenshot 2026 04 16 At 09.00.29","imageText":null,"width":558,"height":746,"url":"https://cms.dramaten.se/media/tzshsv5b/screenshot-2026-04-16-at-090029.png","focalPoint":"0.5053763440860215,0.6528150134048257"},{"altText":"Screenshot 2026 04 16 At 08.59.09","imageText":null,"width":562,"height":750,"url":"https://cms.dramaten.se/media/dlmowuvo/screenshot-2026-04-16-at-085909.png","focalPoint":"0.5124555160142349,0.252"}]},{"type":"newsletter-subscription-block","heading":"H\u00E5ll koll!","subHeading":"Dramatens nyhetsbrev","text":"\u003Cp\u003EMissa inga nyheter fr\u00E5n oss, anm\u00E4l dig till v\u00E5rt nyhetsbrev!\u003C/p\u003E","confirmationPageUrl":"https://www.dramaten.se/om-webbplatsen/nyhetsbrev-bekraftelse/","newsletterListId":"7282e817-250d-ea11-a31f-e61f134a8c87","newsletterOrganizationId":"9060e6f2-63ef-e911-a31f-e61f134a8c87","noTopMargin":false,"noBottomMargin":false,"layout":"regular"}],"infoRibbonBlock":null},"settings":{"ticketPurchasePageUrl":"https://biljetter.dramaten.se/events","cartPageUrl":"https://biljetter.dramaten.se/checkout/basket","myPagesPageUrl":"https://biljetter.dramaten.se/account/your-orders","loginPageUrl":"/login/"}}}